{"id":682,"date":"2023-05-23T12:04:24","date_gmt":"2023-05-23T12:04:24","guid":{"rendered":"https:\/\/shopiverse.com\/tr\/?page_id=682"},"modified":"2024-07-24T11:01:50","modified_gmt":"2024-07-24T11:01:50","slug":"personel-veri-saklama-ve-imha-politikasi","status":"publish","type":"page","link":"https:\/\/shopiverse.com\/tr\/personel-veri-saklama-ve-imha-politikasi\/","title":{"rendered":"Personel Veri Saklama ve \u0130mha Politikas\u0131"},"content":{"rendered":"<ul>\n<li><strong>AMA\u00c7<\/strong><\/li>\n<\/ul>\n<p>Ki\u015fisel Veri Saklama ve \u0130mha Politikas\u0131 (\u201cPolitika\u201d), Shopiverse Teknoloji ve Yaz\u0131l\u0131m Anonim \u015eirketi (\u201cShopiVerse\u201d) taraf\u0131ndan y\u00fcr\u00fct\u00fclen saklama ve imha faaliyetlerine ili\u015fkin usul ve esaslar\u0131 belirlemek amac\u0131yla haz\u0131rlanm\u0131\u015ft\u0131r.<\/p>\n<p>\u015eirketimiz taraf\u0131ndan; T\u00fcrkiye Cumhuriyeti Anayasas\u0131, uluslararas\u0131 s\u00f6zle\u015fmeler, 6698 say\u0131l\u0131 Ki\u015fisel Verilerin Korunmas\u0131 Kanunu (\u201cKanun\u201d) ve di\u011fer ilgili mevzuata uygun olarak \u015eirket \u00e7al\u0131\u015fanlar\u0131, \u00e7al\u0131\u015fan adaylar\u0131, tedarik\u00e7iler, m\u00fc\u015fteriler, ziyaret\u00e7iler ve di\u011fer \u00fc\u00e7\u00fcnc\u00fc ki\u015filere ait ki\u015fisel verilerin i\u015flenmesine ili\u015fkin usul ve esaslar\u0131 belirlemek ve t\u00fcm i\u015fleme \u015fartlar\u0131n\u0131n ortadan kalkmas\u0131 halinde i\u015fleme \u015fartlar\u0131n\u0131n silinmesi, yok edilmesi veya anonim hale getirilmesine ili\u015fkin usul ve esaslar\u0131 belirlemek amac\u0131yla bu politika haz\u0131rlanm\u0131\u015ft\u0131r.<\/p>\n<p>Ki\u015fisel verilerin korunmas\u0131 ve ki\u015fisel verileri toplanan ger\u00e7ek ki\u015filerin temel hak ve \u00f6zg\u00fcrl\u00fcklerine riayet edilmesi, ki\u015fisel verilerin i\u015flenmesine ili\u015fkin politikam\u0131z\u0131n temel ilkeleridir.<\/p>\n<p>\u015eirketimiz, ki\u015fisel verilerin saklanmas\u0131 ve imhas\u0131na ili\u015fkin i\u015f ve i\u015flemleri, say\u0131lan ilkeler do\u011frultusunda haz\u0131rlanan Politika&#8217;ya uygun olarak y\u00fcr\u00fctmektedir.<\/p>\n<ul>\n<li><strong>KAPSAM<\/strong>\n<p>\u015eirket \u00e7al\u0131\u015fanlar\u0131n\u0131n, \u00e7al\u0131\u015fan adaylar\u0131n\u0131n, \u00fcr\u00fcn ve hizmet alan ki\u015filerin, piyasa tedarik\u00e7ilerinin ve di\u011fer \u00fc\u00e7\u00fcnc\u00fc ki\u015filerin ki\u015fisel verileri bu Politika kapsam\u0131nda olup, bu Politika, \u015eirket&#8217;in kontrol\u00fc alt\u0131nda veya \u015eirket taraf\u0131ndan y\u00f6netilen ki\u015fisel verilerin i\u015flenmesine y\u00f6nelik t\u00fcm kay\u0131t ortamlar\u0131 ve faaliyetlerinde uygulanacakt\u0131r.<\/li>\n<\/ul>\n<ul>\n<li><strong>TANIMLAR<\/strong><\/li>\n<\/ul>\n<div class=\"flex flex-grow flex-col max-w-full\">\n<div class=\"min-h-[20px] text-message flex w-full flex-col items-end gap-2 whitespace-pre-wrap break-words [.text-message+&amp;]:mt-5 overflow-x-auto\" dir=\"auto\" data-message-author-role=\"assistant\" data-message-id=\"6562915b-0671-4a37-a075-9df4bc42eb81\">\n<div class=\"flex w-full flex-col gap-1 empty:hidden first:pt-[3px]\">\n<div class=\"markdown prose w-full break-words dark:prose-invert light\">\n<p>Al\u0131c\u0131 Grubu: Ki\u015fisel verilerin veri sorumlusu taraf\u0131ndan aktar\u0131ld\u0131\u011f\u0131 ger\u00e7ek veya t\u00fczel ki\u015fi kategorisi,<\/p>\n<p>A\u00e7\u0131k r\u0131za: Belirli bir konuya ili\u015fkin, bilgilendirmeye dayal\u0131 ve \u00f6zg\u00fcr iradeyle a\u00e7\u0131klanan r\u0131za,<\/p>\n<p>Anonim hale getirme: Ki\u015fisel verinin ba\u015fka verilerle e\u015fle\u015ftirilse dahi kimli\u011fi belirli veya belirlenebilir bir ger\u00e7ek ki\u015fi ile ili\u015fkilendirilemeyecek hale getirilmesi,<\/p>\n<p>Elektronik Ortam: Ki\u015fisel verilerin elektronik cihazlarla olu\u015fturulabildi\u011fi, okunabildi\u011fi, de\u011fi\u015ftirilebildi\u011fi ve yaz\u0131labildi\u011fi ortamlar,<\/p>\n<p>Elektronik Olmayan Ortam: Yaz\u0131l\u0131, bas\u0131l\u0131, g\u00f6rsel vb. elektronik ortamlar d\u0131\u015f\u0131ndaki di\u011fer t\u00fcm ortamlar,<\/p>\n<p>\u0130lgili ki\u015fi: Ki\u015fisel verisi i\u015flenen ger\u00e7ek ki\u015fi,<\/p>\n<p>\u0130mha: Ki\u015fisel verilerin silinmesi, yok edilmesi veya anonim hale getirilmesi,<\/p>\n<p>Kanun: 6698 say\u0131l\u0131 Ki\u015fisel Verilerin Korunmas\u0131 Kanunu,<\/p>\n<p>Kay\u0131t Ortam\u0131: Tamamen veya k\u0131smen otomatik yollarla i\u015flenen veya bir veri kay\u0131t sisteminin par\u00e7as\u0131 olmak kayd\u0131yla otomatik olmayan yollarla i\u015flenen ki\u015fisel verilerin bulundu\u011fu her t\u00fcrl\u00fc ortam,<\/p>\n<p>Ki\u015fisel veri: Kimli\u011fi belirli veya belirlenebilir bir ger\u00e7ek ki\u015fiye ili\u015fkin her t\u00fcrl\u00fc bilgi,<\/p>\n<p>Ki\u015fisel Veri \u0130\u015fleme Envanteri: Veri sorumlular\u0131 taraf\u0131ndan i\u015f s\u00fcre\u00e7lerine ba\u011fl\u0131 olarak ger\u00e7ekle\u015ftirilen ki\u015fisel veri i\u015fleme faaliyetleri; ki\u015fisel verilerin i\u015flenme amac\u0131 ve hukuki sebebi, veri kategorisi, al\u0131c\u0131 grubu ve veriye tabi ki\u015fi grubu, ki\u015fisel verilerin i\u015flendikleri ama\u00e7 i\u00e7in gerekli olan azami s\u00fcre, yurtd\u0131\u015f\u0131na aktar\u0131lacak ki\u015fisel veriler ve veri g\u00fcvenli\u011fine ili\u015fkin al\u0131nan \u00f6nlemleri a\u00e7\u0131klayarak detayland\u0131rd\u0131klar\u0131 envanter,<\/p>\n<p>Ki\u015fisel Verilerin \u0130\u015flenmesi: Ki\u015fisel veriler \u00fczerinde ger\u00e7ekle\u015ftirilen her t\u00fcrl\u00fc i\u015flem; ki\u015fisel verilerin elde edilmesi, kaydedilmesi, depolanmas\u0131, muhafaza edilmesi, de\u011fi\u015ftirilmesi, yeniden d\u00fczenlenmesi, a\u00e7\u0131klanmas\u0131, aktar\u0131lmas\u0131, devral\u0131nmas\u0131, elde edilebilir hale getirilmesi, s\u0131n\u0131fland\u0131r\u0131lmas\u0131 veya kullan\u0131lmas\u0131n\u0131n engellenmesi gibi ki\u015fisel veriler \u00fczerinde otomatik veya bir veri kay\u0131t sisteminin par\u00e7as\u0131 olmak kayd\u0131yla otomatik olmayan yollarla ger\u00e7ekle\u015ftirilen her t\u00fcrl\u00fc i\u015flem,<\/p>\n<p>\u00d6zel Nitelikli Ki\u015fisel Veri: Irk, etnik k\u00f6ken, siyasi d\u00fc\u015f\u00fcnce, felsefi inan\u00e7, din, mezhep veya di\u011fer inan\u00e7lar, k\u0131l\u0131k ve k\u0131yafet, dernek, vak\u0131f veya sendika \u00fcyeli\u011fi, sa\u011fl\u0131k, cinsel hayat, ceza mahkumiyeti ve g\u00fcvenlik tedbirleriyle ilgili veriler ile biyometrik ve genetik veriler,<\/p>\n<p>Periyodik \u0130mha: Kanunda yer alan ki\u015fisel veri i\u015fleme \u015fartlar\u0131n\u0131n tamam\u0131n\u0131n ortadan kalkmas\u0131 halinde, ki\u015fisel veri saklama ve imha politikas\u0131 uyar\u0131nca belirli aral\u0131klarla kendili\u011finden ger\u00e7ekle\u015ftirilecek silme, yok etme veya anonim hale getirme i\u015flemi,<\/p>\n<p>Veri i\u015fleyen: Veri sorumlusunun verdi\u011fi yetkiye dayanarak onun ad\u0131na ki\u015fisel verileri i\u015fleyen ger\u00e7ek veya t\u00fczel ki\u015fi,<\/p>\n<p>Veri kay\u0131t sistemi: Ki\u015fisel verilerin belirli kriterlere g\u00f6re yap\u0131land\u0131r\u0131larak i\u015flendi\u011fi kay\u0131t sistemi,<\/p>\n<p>Veri sorumlusu: Ki\u015fisel verilerin i\u015flenme ama\u00e7lar\u0131n\u0131 ve vas\u0131talar\u0131n\u0131 belirleyen, veri kay\u0131t sisteminin kurulmas\u0131ndan ve y\u00f6netilmesinden sorumlu olan ger\u00e7ek veya t\u00fczel ki\u015fi.<\/p>\n<\/div>\n<\/div>\n<\/div>\n<\/div>\n<div class=\"mt-1 flex gap-3 empty:hidden -ml-2\">\n<div class=\"items-center justify-start rounded-xl p-1 flex\">\n<div class=\"flex items-center\">\n<div class=\"flex items-center pb-0\"><\/div>\n<\/div>\n<\/div>\n<\/div>\n<ul>\n<li><strong>KAYIT ORTAMI<\/strong><\/li>\n<\/ul>\n<p>Ki\u015fisel veriler, kanuna uygun olarak elektronik ve elektronik olmayan ortamlarda saklanmaktad\u0131r.<\/p>\n<figure class=\"wp-block-table\">\n<table>\n<tbody>\n<tr>\n<td>\n<div class=\"flex-shrink-0 flex flex-col relative items-end\">\n<div>\n<div class=\"pt-0\">\n<div class=\"gizmo-bot-avatar flex h-8 w-8 items-center justify-center overflow-hidden rounded-full\">\n<div class=\"relative p-1 rounded-sm flex items-center justify-center bg-token-main-surface-primary text-token-text-primary h-8 w-8\"><strong><span style=\"font-family: inherit; font-size: inherit;\">ELEKTRON\u0130K ORTAM<\/span><\/strong><\/div>\n<\/div>\n<\/div>\n<\/div>\n<\/div>\n<\/td>\n<td><strong><span style=\"font-family: inherit; font-size: inherit;\">ELEKTRON\u0130K OLMAYAN ORTAM<\/span><\/strong><\/td>\n<\/tr>\n<tr>\n<td>Sunucular (Alan, yedekleme, e-posta, veritaban\u0131, web, dosya payla\u015f\u0131m\u0131, vb.)<\/td>\n<td>Ka\u011f\u0131t, dosyalar (ki\u015fisel dosyalar)<\/td>\n<\/tr>\n<tr>\n<td>Ki\u015fisel bilgisayarlar (Masa\u00fcst\u00fc, diz\u00fcst\u00fc)<\/td>\n<td>Manuel veri kay\u0131t sistemleri (y\u0131ll\u0131k izin defteri, tahsilat makbuzu defteri)<\/td>\n<\/tr>\n<tr>\n<td>Mobil cihazlar (telefon, tablet, vb.)<\/td>\n<td><\/td>\n<\/tr>\n<tr>\n<td>Kamera\/video kay\u0131tlar\u0131<\/td>\n<td><\/td>\n<\/tr>\n<\/tbody>\n<\/table>\n<\/figure>\n<ul>\n<li><strong>K\u0130\u015e\u0130SEL VER\u0130LER\u0130N SAKLANMASINI VE \u0130MHASINI GEREKT\u0130REN HUKUK\u0130 VE TEKN\u0130K SEBEPLERE \u0130L\u0130\u015eK\u0130N A\u00c7IKLAMALAR<\/strong><\/li>\n<\/ul>\n<p>\u015eirket taraf\u0131ndan i\u015flenen ki\u015fisel veriler, Kanun\u2019a uygun olarak saklanmakta ve imha edilmektedir. Kanun\u2019un 7. maddesi uyar\u0131nca, i\u015flenmeyi gerektiren sebepler ortadan kalkarsa, ki\u015fisel veriler silinmeli, yok edilmeli veya anonim hale getirilmelidir. Bu ba\u011flamda, saklama ve imhaya ili\u015fkin detayl\u0131 a\u00e7\u0131klamalar a\u015fa\u011f\u0131da verilmi\u015ftir.<\/p>\n<div class=\"flex flex-grow flex-col max-w-full\">\n<div class=\"min-h-[20px] text-message flex w-full flex-col items-end gap-2 whitespace-pre-wrap break-words [.text-message+&amp;]:mt-5 overflow-x-auto\" dir=\"auto\" data-message-author-role=\"assistant\" data-message-id=\"2ae1f970-41a4-4fd8-b6dd-cc9b2399406e\">\n<div class=\"flex w-full flex-col gap-1 empty:hidden first:pt-[3px]\">\n<div class=\"markdown prose w-full break-words dark:prose-invert light\">\n<ul>\n<li><strong>SAKLAMAYA \u0130L\u0130\u015eK\u0130N A\u00c7IKLAMALAR<\/strong><\/li>\n<\/ul>\n<p>Kanun&#8217;un 3. maddesinde ki\u015fisel verilerin i\u015flenmesi kavram\u0131 tan\u0131mlanm\u0131\u015f, 4. maddede i\u015flenen ki\u015fisel verilerin, i\u015flendikleri ama\u00e7la ba\u011flant\u0131l\u0131, s\u0131n\u0131rl\u0131 ve \u00f6l\u00e7\u00fcl\u00fc olmas\u0131 ve ilgili mevzuatta \u00f6ng\u00f6r\u00fclen veya i\u015flendikleri ama\u00e7 i\u00e7in gerekli olan s\u00fcre kadar saklanmas\u0131 gerekti\u011fi belirtilmi\u015f, 5. ve 6. maddelerinde ise ki\u015fisel verilerin i\u015flenme \u015fartlar\u0131 s\u0131ralanm\u0131\u015ft\u0131r.<\/p>\n<p>\u015eirketimiz faaliyetleri \u00e7er\u00e7evesinde i\u015fleme ama\u00e7lar\u0131na uygun olarak saklanmas\u0131 gereken ki\u015fisel veriler, ilgili mevzuatta \u00f6ng\u00f6r\u00fclen s\u00fcre kadar veya i\u015fleme ama\u00e7lar\u0131m\u0131z do\u011frultusunda saklanmaktad\u0131r.<\/p>\n<ul>\n<li><strong>SAKLAMANIN HUKUK\u0130 DAYANAKLARI<\/strong><\/li>\n<\/ul>\n<p>Kurum faaliyetleri \u00e7er\u00e7evesinde i\u015flenen ki\u015fisel veriler, ilgili mevzuatta \u00f6ng\u00f6r\u00fclen s\u00fcre kadar saklanmaktad\u0131r. Bu ba\u011flamda, ki\u015fisel veriler;<\/p>\n<p>6698 say\u0131l\u0131 Ki\u015fisel Verilerin Korunmas\u0131 Kanunu, 6102 say\u0131l\u0131 T\u00fcrk Ticaret Kanunu, 6098 say\u0131l\u0131 T\u00fcrk Bor\u00e7lar Kanunu, 5510 say\u0131l\u0131 Sosyal Sigortalar ve Genel Sa\u011fl\u0131k Sigortas\u0131 Kanunu, 6331 say\u0131l\u0131 \u0130\u015f Sa\u011fl\u0131\u011f\u0131 ve G\u00fcvenli\u011fi Kanunu, 4982 say\u0131l\u0131 Bilgi Edinme Hakk\u0131 Kanunu, 3071 say\u0131l\u0131 Dilek\u00e7e Hakk\u0131n\u0131n Kullan\u0131lmas\u0131na Dair Kanun, 4857 say\u0131l\u0131 \u0130\u015f Kanunu, 6563 say\u0131l\u0131 Elektronik Ticaretin D\u00fczenlenmesi Hakk\u0131nda Kanun, Bu yasalara g\u00f6re y\u00fcr\u00fcrl\u00fckte olan di\u011fer ikincil d\u00fczenlemeler, \u00c7er\u00e7evesinde \u00f6ng\u00f6r\u00fclen saklama s\u00fcreleri kadar saklan\u0131r. Mevzuatta bir s\u00fcre \u00f6ng\u00f6r\u00fclmemi\u015fse; Ki\u015fisel verilerin i\u015flenmesini gerektiren amac\u0131n ortadan kalkt\u0131\u011f\u0131 ana kadar saklan\u0131r.<\/p>\n<ul>\n<li><strong>\u0130MHANIN NEDENLER\u0130<\/strong><\/li>\n<\/ul>\n<p>Ki\u015fisel veriler, a\u015fa\u011f\u0131daki durumlarda ilgili ki\u015finin talebi \u00fczerine veya re\u2019sen \u015eirket taraf\u0131ndan silinir, yok edilir veya anonim hale getirilir:<\/p>\n<p>\u0130\u015flenmelerine esas te\u015fkil eden ilgili mevzuat h\u00fck\u00fcmlerinin de\u011fi\u015ftirilmesi veya y\u00fcr\u00fcrl\u00fckten kald\u0131r\u0131lmas\u0131, \u0130\u015flenmesini veya saklanmas\u0131n\u0131 gerektiren amac\u0131n ortadan kalkmas\u0131, Ki\u015fisel verilerin yaln\u0131zca a\u00e7\u0131k r\u0131za \u015fart\u0131na dayanarak i\u015flendi\u011fi durumlarda, ilgili ki\u015finin a\u00e7\u0131k r\u0131zas\u0131n\u0131 geri almas\u0131, Kanun\u2019un 11. maddesi uyar\u0131nca, ilgili ki\u015finin haklar\u0131 \u00e7er\u00e7evesinde ki\u015fisel verilerinin silinmesi ve yok edilmesi talebinin Kurum taraf\u0131ndan kabul edilmesi, \u015eirket&#8217;in, ilgili ki\u015fi taraf\u0131ndan ki\u015fisel verilerinin silinmesi, yok edilmesi veya anonim hale getirilmesi talebiyle yap\u0131lan ba\u015fvuruyu reddetmesi, verdi\u011fi cevab\u0131 yetersiz bulmas\u0131 veya Kanun\u2019da \u00f6ng\u00f6r\u00fclen s\u00fcre i\u00e7inde cevap vermemesi durumunda; Kurul\u2019a \u015fikayette bulunma ve bu talebin Kurul taraf\u0131ndan uygun bulunmas\u0131, Ki\u015fisel verilerin saklanmas\u0131n\u0131 gerektiren azami s\u00fcrenin sona ermesi ve ki\u015fisel verilerin daha uzun s\u00fcre saklanmas\u0131n\u0131 gerektiren bir \u015fart\u0131n bulunmamas\u0131.<\/p>\n<\/div>\n<\/div>\n<\/div>\n<\/div>\n<div class=\"mt-1 flex gap-3 empty:hidden -ml-2\">\n<div class=\"items-center justify-start rounded-xl p-1 flex\"><\/div>\n<\/div>\n<div class=\"flex flex-grow flex-col max-w-full\">\n<div class=\"min-h-[20px] text-message flex w-full flex-col items-end gap-2 whitespace-pre-wrap break-words [.text-message+&amp;]:mt-5 overflow-x-auto\" dir=\"auto\" data-message-author-role=\"assistant\" data-message-id=\"794d2efe-943a-4af7-8ef0-9910542ed42d\">\n<div class=\"flex w-full flex-col gap-1 empty:hidden first:pt-[3px]\">\n<div class=\"markdown prose w-full break-words dark:prose-invert light\">\n<ul>\n<li><strong>K\u0130\u015e\u0130SEL VER\u0130LER\u0130N HUKUKA UYGUN OLARAK SAKLANMASI VE \u0130MHASI \u0130\u00c7\u0130N \u015e\u0130RKET TARAFINDAN ALINAN TEKN\u0130K VE \u0130DAR\u0130 TEDB\u0130RLER<\/strong><\/li>\n<\/ul>\n<p>Ki\u015fisel verilerin g\u00fcvenli bir \u015fekilde saklanmas\u0131, hukuka ayk\u0131r\u0131 i\u015flenmesinin ve eri\u015filmesinin \u00f6nlenmesi ve ki\u015fisel verilerin kanuna uygun olarak imha edilmesi amac\u0131yla, 31.01.2018 tarihli ve 2018\/10 say\u0131l\u0131 Kurul Karar\u0131 ile belirlenen yeterli tedbirler kapsam\u0131nda, Kanun&#8217;un 12. maddesi ve Kanun&#8217;un 6. maddesinin d\u00f6rd\u00fcnc\u00fc f\u0131kras\u0131 uyar\u0131nca, \u015eirket taraf\u0131ndan teknik ve idari tedbirler al\u0131nmaktad\u0131r.<\/p>\n<ul>\n<li><strong>TEKN\u0130K VE \u0130DAR\u0130 TEDB\u0130RLER<\/strong><\/li>\n<li>A\u011f g\u00fcvenli\u011fi ve uygulama g\u00fcvenli\u011fi sa\u011flanmaktad\u0131r.<\/li>\n<li>A\u011f \u00fczerinden yap\u0131lan ki\u015fisel veri transferleri i\u00e7in kapal\u0131 sistem a\u011f kullan\u0131lmaktad\u0131r.<\/li>\n<li>Anahtar y\u00f6netimi uygulanmaktad\u0131r.<\/li>\n<li>Bilgi teknolojileri sistemlerinin tedarik, geli\u015ftirme ve bak\u0131m\u0131 kapsam\u0131nda g\u00fcvenlik \u00f6nlemleri al\u0131nmaktad\u0131r.<\/li>\n<li>\u00c7al\u0131\u015fanlar i\u00e7in veri g\u00fcvenli\u011fi konusunda periyodik e\u011fitimler ve fark\u0131ndal\u0131k faaliyetleri y\u00fcr\u00fct\u00fclmektedir.<\/li>\n<li>\u00c7al\u0131\u015fanlar i\u00e7in bir yetkilendirme matrisi olu\u015fturulmu\u015ftur.<\/li>\n<li>Eri\u015fim loglar\u0131 d\u00fczenli olarak tutulmaktad\u0131r.<\/li>\n<li>Eri\u015fim, bilgi g\u00fcvenli\u011fi, kullan\u0131m, saklama ve imha ile ilgili kurumsal politikalar haz\u0131rlanm\u0131\u015f ve uygulanmaya ba\u015flanm\u0131\u015ft\u0131r.<\/li>\n<li>Gerekti\u011finde veri maskeleme \u00f6nlemleri uygulanmaktad\u0131r.<\/li>\n<li>Gizlilik taahh\u00fctnameleri yap\u0131lmaktad\u0131r.<\/li>\n<li>G\u00f6rev de\u011fi\u015fikli\u011fi olan veya i\u015ften ayr\u0131lan \u00e7al\u0131\u015fanlar bu alandaki yetkilerinden \u00e7\u0131kar\u0131lmaktad\u0131r.<\/li>\n<li>G\u00fcncel anti-vir\u00fcs sistemleri kullan\u0131lmaktad\u0131r.<\/li>\n<li>G\u00fcvenlik duvarlar\u0131 kullan\u0131lmaktad\u0131r.<\/li>\n<li>\u0130mzalanan s\u00f6zle\u015fmelere veri g\u00fcvenli\u011fi h\u00fck\u00fcmleri eklenmi\u015ftir.<\/li>\n<li>Ki\u015fisel veri g\u00fcvenli\u011fi politikalar\u0131 ve prosed\u00fcrleri belirlenmi\u015ftir.<\/li>\n<li>Ki\u015fisel veri g\u00fcvenli\u011fi konular\u0131 h\u0131zl\u0131 bir \u015fekilde raporlanmaktad\u0131r.<\/li>\n<li>Ki\u015fisel veri g\u00fcvenli\u011fi izlenmektedir.<\/li>\n<li>Ki\u015fisel verilerin bulundu\u011fu fiziksel ortamlar\u0131n giri\u015f ve \u00e7\u0131k\u0131\u015flar\u0131na gerekli g\u00fcvenlik \u00f6nlemleri al\u0131nmaktad\u0131r.<\/li>\n<li>Ki\u015fisel verilerin bulundu\u011fu fiziksel ortamlar\u0131n d\u0131\u015f risklere (yang\u0131n, sel, vb.) kar\u015f\u0131 g\u00fcvenli\u011fi sa\u011flanmaktad\u0131r.<\/li>\n<li>Ki\u015fisel verilerin bulundu\u011fu ortamlar\u0131n g\u00fcvenli\u011fi sa\u011flanmaktad\u0131r.<\/li>\n<li>Ki\u015fisel veriler m\u00fcmk\u00fcn oldu\u011funca azalt\u0131lmaktad\u0131r.<\/li>\n<li>Ki\u015fisel veriler yedeklenmekte ve yedeklenen ki\u015fisel verilerin g\u00fcvenli\u011fi de sa\u011flanmaktad\u0131r.<\/li>\n<li>Kullan\u0131c\u0131 hesap y\u00f6netimi ve yetkilendirme kontrol sistemi uygulanmakta ve takip edilmektedir.<\/li>\n<li>Kurum i\u00e7inde periyodik ve\/veya rastgele denetimler yap\u0131lmaktad\u0131r.<\/li>\n<li>Log kay\u0131tlar\u0131, yetkili kullan\u0131c\u0131lar haricinde m\u00fcdahale edilemeyecek \u015fekilde tutulmaktad\u0131r.<\/li>\n<li>\u00d6zel nitelikli ki\u015fisel verilerin g\u00fcvenli\u011fi i\u00e7in protokol ve prosed\u00fcrler belirlenmi\u015f ve uygulanmaktad\u0131r.<\/li>\n<li>\u00d6zel nitelikli ki\u015fisel verilerin elektronik posta yoluyla g\u00f6nderilmesi gerekiyorsa, \u015fifreli olarak ve KEP veya kurumsal e-posta hesab\u0131 kullan\u0131larak g\u00f6nderilmelidir.<\/li>\n<li>\u00d6zel nitelikli ki\u015fisel veriler i\u00e7in g\u00fcvenli \u015fifreleme\/kriptografik anahtarlar kullan\u0131lmakta ve farkl\u0131 birimler taraf\u0131ndan y\u00f6netilmektedir.<\/li>\n<li>\u0130zinsiz giri\u015f tespit ve \u00f6nleme sistemleri kullan\u0131lmaktad\u0131r.<\/li>\n<li>S\u0131zma testi uygulanmaktad\u0131r.<\/li>\n<li>Siber g\u00fcvenlik \u00f6nlemleri al\u0131nm\u0131\u015f ve uygulanmas\u0131 s\u00fcrekli izlenmektedir.<\/li>\n<li>\u015eifreleme yap\u0131lmaktad\u0131r.<\/li>\n<li>Veri g\u00fcvenli\u011fi konusunda veri i\u015fleme hizmet sa\u011flay\u0131c\u0131lar\u0131 ve i\u015f ortaklar\u0131n\u0131n fark\u0131ndal\u0131\u011f\u0131 sa\u011flanmaktad\u0131r.<\/li>\n<li>Veri kayb\u0131 \u00f6nleme yaz\u0131l\u0131mlar\u0131 kullan\u0131lmaktad\u0131r.<\/li>\n<\/ul>\n<\/div>\n<\/div>\n<\/div>\n<\/div>\n<ul>\n<li><strong>K\u0130\u015e\u0130SEL VER\u0130LER\u0130N S\u0130L\u0130NMES\u0130, YOK ED\u0130LMES\u0130 VE ANON\u0130M HALE GET\u0130R\u0130LMES\u0130NE Y\u00d6NEL\u0130K \u0130MHA TEKN\u0130KLER\u0130<\/strong><\/li>\n<\/ul>\n<p>\u0130mha s\u00fcrecine dahil olan ki\u015filerin imha listeleri olu\u015fturulur. \u0130mha i\u00e7in operasyondan sorumlu Genel M\u00fcd\u00fcr Yard\u0131mc\u0131s\u0131&#8217;ndan onay al\u0131n\u0131r. \u0130mha i\u015flemi bilgisayar ortam\u0131na yans\u0131t\u0131l\u0131r ve kay\u0131t alt\u0131na al\u0131n\u0131r. \u0130mha ile ilgili belgeler saklan\u0131r.<\/p>\n<figure class=\"wp-block-table\">\n<table>\n<tbody>\n<tr>\n<td><strong>ELEKTRON\u0130K ORTAM<\/strong><\/td>\n<td><strong>ELEKTRON\u0130K OLMAYAN ORTAM<\/strong><\/td>\n<\/tr>\n<tr>\n<td>Sunucular; Periyodik yedeklemeler, sistem taraf\u0131ndan g\u00fcn\u00fcn dolmas\u0131yla otomatik olarak silinir. Saklama s\u00fcresi dolmu\u015f veriler, komisyon g\u00f6zlemi s\u0131ras\u0131nda sistem y\u00f6neticisi taraf\u0131ndan silinir.<\/td>\n<td>Fiziksel ortamda tutulan ki\u015fisel verilerin saklanmas\u0131n\u0131 gerektiren s\u00fcre sona erer ve veri saklama ve imha s\u00fcrecinde yer alan ki\u015filer taraf\u0131ndan hi\u00e7bir \u015fekilde eri\u015filemez ve tekrar kullan\u0131lamaz hale getirilir. Ayr\u0131ca okunamayacak \u015fekilde \u00e7izme\/boyama\/silme yoluyla karartma uygulan\u0131r.<\/td>\n<\/tr>\n<tr>\n<td>Mobil cihazlar; kullan\u0131c\u0131lar \u015firketten ayr\u0131ld\u0131klar\u0131nda hesaplar\u0131 dondurulur\/silinir ve eri\u015fimleri an\u0131nda engellenir.Kamera kay\u0131tlar\u0131 disk boyutu dolduk\u00e7a sistem taraf\u0131ndan eskiden yeniye do\u011fru silinir.Ki\u015fisel bilgisayarlar \u015firkete aittir ve personel ayr\u0131ld\u0131\u011f\u0131nda ba\u015ftan kurulur ve cihazdaki t\u00fcm veriler temizlenir.<\/td>\n<td>Ki\u015fisel verilerin ka\u011f\u0131t ortam\u0131nda saklanmas\u0131n\u0131 gerektiren s\u00fcre sona erenler yak\u0131l\u0131r, y\u0131rt\u0131l\u0131r ve geri d\u00f6nd\u00fcr\u00fclemeyecek \u015fekilde imha edilir.<\/td>\n<\/tr>\n<\/tbody>\n<\/table>\n<\/figure>\n<ol type=\"1\">\n<li><strong>\u00a0K\u0130\u015e\u0130SEL VER\u0130LER\u0130N SAKLANMASI VE \u0130MHASI S\u00dcREC\u0130NE DAH\u0130L OLAN K\u0130\u015e\u0130LER<\/strong><\/li>\n<\/ol>\n<p>\u015eirketin t\u00fcm birimleri ve \u00e7al\u0131\u015fanlar\u0131, ki\u015fisel verilerin i\u015flendi\u011fi t\u00fcm ortamlarda veri g\u00fcvenli\u011fini sa\u011flamakla y\u00fck\u00fcml\u00fcd\u00fcr. Bu, sorumlu birimler taraf\u0131ndan Politika kapsam\u0131nda al\u0131nan teknik ve idari tedbirlerin do\u011fru bir \u015fekilde uygulanmas\u0131n\u0131 sa\u011flamak, birim \u00e7al\u0131\u015fanlar\u0131n\u0131n e\u011fitimini ve fark\u0131ndal\u0131\u011f\u0131n\u0131 art\u0131rmak, ki\u015fisel verilerin hukuka ayk\u0131r\u0131 i\u015flenmesini izlemek ve s\u00fcrekli denetlemek, ki\u015fisel verilere hukuka ayk\u0131r\u0131 eri\u015fimi \u00f6nlemek ve ki\u015fisel verilerin kanuna uygun olarak saklanmas\u0131n\u0131 sa\u011flamak amac\u0131yla yap\u0131l\u0131r. \u00c7al\u0131\u015fanlar, sorumlu birimlere teknik ve idari tedbirlerin al\u0131nmas\u0131nda aktif olarak destek verirler.<\/p>\n<figure class=\"wp-block-table\">\n<table>\n<tbody>\n<tr>\n<td><a><strong>\u00dcNVAN<\/strong><\/a><\/td>\n<td><strong>B\u0130R\u0130M<\/strong><\/td>\n<td><strong>G\u00d6REV<\/strong><\/td>\n<\/tr>\n<tr>\n<td>Operasyonlardan Sorumlu Genel M\u00fcd\u00fcr<\/td>\n<td>\u00dcst Y\u00f6netim<\/td>\n<td>\u0130lgili ortamlarda Politika&#8217;n\u0131n haz\u0131rlanmas\u0131, geli\u015ftirilmesi, uygulanmas\u0131, yay\u0131nlanmas\u0131 ve g\u00fcncellenmesinden sorumludur. \u015eirket i\u00e7indeki herkesin politikaya uygun hareket etmesini sa\u011flar. Periyodik imha s\u00fcre\u00e7lerinde olu\u015fturulan imha listelerine onay verir.<\/td>\n<\/tr>\n<tr>\n<td>Teknolojiden Sorumlu Genel M\u00fcd\u00fcr Yard\u0131mc\u0131s\u0131<\/td>\n<td>\u00dcst Y\u00f6netim<\/td>\n<td>Politika&#8217;n\u0131n uygulanmas\u0131 i\u00e7in gerekli teknik \u00e7\u00f6z\u00fcmleri sa\u011flamakla sorumludur. Periyodik imha s\u00fcre\u00e7lerinde imha listeleri olu\u015fturur.<\/td>\n<\/tr>\n<tr>\n<td>\u0130\u015f Geli\u015ftirme ve S\u00fcre\u00e7 Y\u00f6neticisi<\/td>\n<td>\n\u0130\u015f Geli\u015ftirme<\/td>\n<td>Politikan\u0131n uygulanmas\u0131ndan sorumludur. Periyodik imha s\u00fcre\u00e7lerinde imha listeleri olu\u015fturur.<\/td>\n<\/tr>\n<\/tbody>\n<\/table>\n<\/figure>\n<ol type=\"1\">\n<li><strong>SAKLAMA VE \u0130MHA S\u00dcRELER\u0130 TABLOSU<\/strong><\/li>\n<\/ol>\n<figure class=\"wp-block-table\">\n<table>\n<tbody>\n<tr>\n<td><strong>FAAL\u0130YET<\/strong><\/td>\n<td><strong>K\u0130\u015e\u0130SEL VER\u0130<\/strong><\/td>\n<td><strong>SAKLAMA S\u00dcRES\u0130<\/strong><\/td>\n<td><strong>\u0130MHA S\u00dcRES\u0130<\/strong><\/td>\n<\/tr>\n<tr>\n<td>\u0130\u015f Ba\u015fvuru S\u00fcre\u00e7lerinin Y\u00fcr\u00fct\u00fclmesi<\/td>\n<td>\u0130leti\u015fim, Kimlik, Profesyonel Deneyim<\/td>\n<td>\u0130\u015f ba\u015fvuru s\u00fcrecinin sonu\u00e7lanmas\u0131ndan itibaren 2 y\u0131l<\/td>\n<td>Saklama s\u00fcresinin bitimini takip eden ilk periyodik imha s\u00fcresinde<\/td>\n<\/tr>\n<tr>\n<td>\u00c7al\u0131\u015fan Personel Dosyalar\u0131n\u0131n Haz\u0131rlanmas\u0131<\/td>\n<td>Kimlik, \u0130leti\u015fim, Personel, Profesyonel Deneyim, Su\u00e7 Mahkumiyeti ve G\u00fcvenlik Tedbirleri<\/td>\n<td>\u0130\u015f ili\u015fkisinin sona ermesinden itibaren 10 y\u0131l<\/td>\n<td>Saklama s\u00fcresinin bitimini takip eden ilk periyodik imha s\u00fcresinde<\/td>\n<\/tr>\n<tr>\n<td>\u00c7al\u0131\u015fan Personel Dosyalar\u0131n\u0131n Haz\u0131rlanmas\u0131<\/td>\n<td>Sa\u011fl\u0131k<\/td>\n<td>\u0130\u015f ili\u015fkisinin sona ermesinden itibaren 15 y\u0131l<\/td>\n<td>Saklama s\u00fcresinin bitimini takip eden ilk periyodik imha s\u00fcresinde<\/td>\n<\/tr>\n<tr>\n<td>\u0130\u015f S\u00f6zle\u015fmesi S\u00fcre\u00e7lerinin Y\u00fcr\u00fct\u00fclmesi<\/td>\n<td>Kimlik, \u0130leti\u015fim<\/td>\n<td>\u0130\u015f ili\u015fkisinin sona ermesinden itibaren 10 y\u0131l<\/td>\n<td>Saklama s\u00fcresinin bitimini takip eden ilk periyodik imha s\u00fcresinde<\/td>\n<\/tr>\n<tr>\n<td>\u0130\u015f Sa\u011fl\u0131\u011f\u0131 ve G\u00fcvenli\u011fi S\u00fcre\u00e7lerinin Y\u00fcr\u00fct\u00fclmesi<\/td>\n<td>Kimlik, \u0130leti\u015fim<\/td>\n<td>\u0130\u015f ili\u015fkisinin sona ermesinden itibaren 10 y\u0131l<\/td>\n<td>Saklama s\u00fcresinin bitimini takip eden ilk periyodik imha s\u00fcresinde<\/td>\n<\/tr>\n<tr>\n<td>\u0130\u015f Sa\u011fl\u0131\u011f\u0131 ve G\u00fcvenli\u011fi S\u00fcre\u00e7lerinin Y\u00fcr\u00fct\u00fclmesi<\/td>\n<td>Sa\u011fl\u0131k<\/td>\n<td>\u0130\u015f ili\u015fkisinin sona ermesinden itibaren 15 y\u0131l<\/td>\n<td>Saklama s\u00fcresinin bitimini takip eden ilk periyodik imha s\u00fcresinde<\/td>\n<\/tr>\n<tr>\n<td>\u00c7al\u0131\u015fma \u0130zni S\u00fcre\u00e7lerinin Y\u00f6netimi<\/td>\n<td>Kimlik, \u0130leti\u015fim<\/td>\n<td>\u0130\u015f ili\u015fkisinin sona ermesinden itibaren 10 y\u0131l<\/td>\n<td>Saklama s\u00fcresinin bitimini takip eden ilk periyodik imha s\u00fcresinde<\/td>\n<\/tr>\n<tr>\n<td>\u00c7al\u0131\u015fma \u0130zni S\u00fcre\u00e7lerinin Y\u00f6netimi<\/td>\n<td>Sa\u011fl\u0131k<\/td>\n<td>\u0130\u015f ili\u015fkisinin sona ermesinden itibaren 15 y\u0131l<\/td>\n<td>Saklama s\u00fcresinin bitimini takip eden ilk periyodik imha s\u00fcresinde<\/td>\n<\/tr>\n<tr>\n<td>\u00c7al\u0131\u015fan E\u011fitim S\u00fcre\u00e7lerinin Y\u00f6netimi<\/td>\n<td>Kimlik, \u0130leti\u015fim<\/td>\n<td>\u0130\u015f ili\u015fkisinin sona ermesinden itibaren 10 y\u0131l<\/td>\n<td>Saklama s\u00fcresinin bitimini takip eden ilk periyodik imha s\u00fcresinde<\/td>\n<\/tr>\n<tr>\n<td>Web Sayfas\u0131 Kurumsal Bilgi ve Kariyer F\u0131rsatlar\u0131 S\u00fcre\u00e7lerinin Y\u00f6netimi<\/td>\n<td>G\u00f6rsel-\u0130\u015fitsel Kay\u0131tlar<\/td>\n<td>\u00c7al\u0131\u015fan i\u015ften ayr\u0131lana kadar<\/td>\n<td>\u00c7al\u0131\u015fan i\u015ften ayr\u0131ld\u0131\u011f\u0131nda silinir<\/td>\n<\/tr>\n<tr>\n<td>M\u00fc\u015fteri \u0130li\u015fkileri\/Destek S\u00fcre\u00e7lerinin Y\u00fcr\u00fct\u00fclmesi<\/td>\n<td>Kimlik, \u0130leti\u015fim, Pazarlama, M\u00fc\u015fteri \u0130\u015flemleri, G\u00f6rsel-\u0130\u015fitsel Kay\u0131tlar, \u0130\u015flem G\u00fcvenli\u011fi<\/td>\n<td>S\u00f6zle\u015fme ili\u015fkisinin sona ermesinden itibaren 10 y\u0131l<\/td>\n<td>Saklama s\u00fcresinin bitimini takip eden ilk periyodik imha s\u00fcresinde<\/td>\n<\/tr>\n<tr>\n<td>\u00dcyelik S\u00fcre\u00e7lerinin Y\u00f6netimi<\/td>\n<td>Kimlik, \u0130leti\u015fim, \u0130\u015flem G\u00fcvenli\u011fi<\/td>\n<td>S\u00f6zle\u015fme ili\u015fkisinin sona ermesinden itibaren 10 y\u0131l<\/td>\n<td>Saklama s\u00fcresinin bitimini takip eden ilk periyodik imha s\u00fcresinde<\/td>\n<\/tr>\n<tr>\n<td>Sat\u0131\u015f ve Pazarlama S\u00fcre\u00e7lerinin Y\u00f6netimi<\/td>\n<td>Kimlik, \u0130leti\u015fim<\/td>\n<td>S\u00f6zle\u015fme ili\u015fkisinin sona ermesinden itibaren 10 y\u0131l<\/td>\n<td>Saklama s\u00fcresinin bitimini takip eden ilk periyodik imha s\u00fcresinde<\/td>\n<\/tr>\n<tr>\n<td>\u0130leti\u015fim ve Bilgi Taleplerinin Kar\u015f\u0131lanmas\u0131<\/td>\n<td>Kimlik, \u0130leti\u015fim<\/td>\n<td>Talebin al\u0131nmas\u0131ndan itibaren 1 y\u0131l<\/td>\n<td>Saklama s\u00fcresinin bitimini takip eden ilk periyodik imha s\u00fcresinde<\/td>\n<\/tr>\n<tr>\n<td>\u0130dari \u0130\u015fler S\u00fcre\u00e7lerinin Y\u00f6netimi<\/td>\n<td>Fiziksel Alan G\u00fcvenli\u011fi<\/td>\n<td>Kamera kay\u0131tlar\u0131 en fazla 45 g\u00fcn s\u00fcreyle saklan\u0131r<\/td>\n<td>45 g\u00fcn sonra otomatik olarak silinir<\/td>\n<\/tr>\n<tr>\n<td>Personel Performans\u0131 ve S\u00fcre\u00e7 \u0130yile\u015ftirme\/Denetim Faaliyetlerinin Y\u00f6netimi<\/td>\n<td>M\u00fc\u015fteri \u0130\u015flemleri (\u00c7a\u011fr\u0131 Merkezi Kay\u0131tlar\u0131)<\/td>\n<td>3 ayl\u0131k kay\u0131tlar 1 y\u0131l s\u00fcreyle saklan\u0131r<\/td>\n<td><\/td>\n<\/tr>\n<tr>\n<td>Eri\u015fim Faaliyetleri S\u00fcre\u00e7lerinin Y\u00f6netimi<\/td>\n<td>\u0130\u015flem G\u00fcvenli\u011fi<\/td>\n<td>S\u00f6zle\u015fme ili\u015fkisinin sona ermesinden itibaren 10 y\u0131l<\/td>\n<td><\/td>\n<\/tr>\n<tr>\n<td>\u015eirket Veritaban\u0131 Saklama S\u00fcre\u00e7lerinin Y\u00f6netimi<\/td>\n<td>Kimlik, \u0130leti\u015fim, \u0130\u015f G\u00fcvenli\u011fi, M\u00fc\u015fteri \u0130\u015flemleri<\/td>\n<td>S\u00f6zle\u015fme ili\u015fkisinin sona ermesinden itibaren 10 y\u0131l<\/td>\n<td><\/td>\n<\/tr>\n<\/tbody>\n<\/table>\n<\/figure>\n<ol type=\"1\">\n<li><strong>PER\u0130YOD\u0130K \u0130MHA ZAMANLARI<\/strong>\n<p>Y\u00f6netmeli\u011fin 11. maddesi uyar\u0131nca, Kurum periyodik imha s\u00fcresini 6 ay olarak belirlemi\u015ftir. Buna g\u00f6re, \u015eirketimizde her y\u0131l Ocak ve Temmuz aylar\u0131nda periyodik imha i\u015flemleri ger\u00e7ekle\u015ftirilir.<\/li>\n<li><strong>POL\u0130T\u0130KANIN YAYINLANMASI VE SAKLANMASI<\/strong>\n<p>Politika, \u0131slak imzal\u0131 (bas\u0131l\u0131 ka\u011f\u0131t) ve elektronik olarak iki farkl\u0131 ortamda yay\u0131nlan\u0131r ve internet sitesinde kamuoyuna duyurulur. Bas\u0131l\u0131 kopya ayr\u0131ca \u00fcst y\u00f6netimde saklan\u0131r.<\/li>\n<li><strong>POL\u0130T\u0130KA G\u00dcNCELLEME S\u00dcRES\u0130<\/strong>\n<p>Politika ihtiya\u00e7 duyulduk\u00e7a g\u00f6zden ge\u00e7irilir ve b\u00f6l\u00fcmleri gerekti\u011fi \u015fekilde g\u00fcncellenir.<\/li>\n<\/ol>\n","protected":false},"excerpt":{"rendered":"<p>AMA\u00c7 Ki\u015fisel Veri Saklama ve \u0130mha Politikas\u0131 (\u201cPolitika\u201d), Shopiverse Teknoloji ve Yaz\u0131l\u0131m Anonim \u015eirketi (\u201cShopiVerse\u201d) taraf\u0131ndan y\u00fcr\u00fct\u00fclen saklama ve imha faaliyetlerine ili\u015fkin usul ve esaslar\u0131 belirlemek amac\u0131yla haz\u0131rlanm\u0131\u015ft\u0131r. \u015eirketimiz taraf\u0131ndan; T\u00fcrkiye Cumhuriyeti Anayasas\u0131, uluslararas\u0131 s\u00f6zle\u015fmeler, 6698 say\u0131l\u0131 Ki\u015fisel Verilerin Korunmas\u0131 Kanunu (\u201cKanun\u201d) ve di\u011fer ilgili mevzuata uygun olarak \u015eirket \u00e7al\u0131\u015fanlar\u0131, \u00e7al\u0131\u015fan adaylar\u0131, tedarik\u00e7iler, m\u00fc\u015fteriler, ziyaret\u00e7iler [&hellip;]<\/p>\n","protected":false},"author":1,"featured_media":0,"parent":0,"menu_order":0,"comment_status":"closed","ping_status":"closed","template":"","meta":{"footnotes":""},"class_list":["post-682","page","type-page","status-publish","hentry"],"_links":{"self":[{"href":"https:\/\/shopiverse.com\/tr\/wp-json\/wp\/v2\/pages\/682","targetHints":{"allow":["GET"]}}],"collection":[{"href":"https:\/\/shopiverse.com\/tr\/wp-json\/wp\/v2\/pages"}],"about":[{"href":"https:\/\/shopiverse.com\/tr\/wp-json\/wp\/v2\/types\/page"}],"author":[{"embeddable":true,"href":"https:\/\/shopiverse.com\/tr\/wp-json\/wp\/v2\/users\/1"}],"replies":[{"embeddable":true,"href":"https:\/\/shopiverse.com\/tr\/wp-json\/wp\/v2\/comments?post=682"}],"version-history":[{"count":3,"href":"https:\/\/shopiverse.com\/tr\/wp-json\/wp\/v2\/pages\/682\/revisions"}],"predecessor-version":[{"id":5434,"href":"https:\/\/shopiverse.com\/tr\/wp-json\/wp\/v2\/pages\/682\/revisions\/5434"}],"wp:attachment":[{"href":"https:\/\/shopiverse.com\/tr\/wp-json\/wp\/v2\/media?parent=682"}],"curies":[{"name":"wp","href":"https:\/\/api.w.org\/{rel}","templated":true}]}}